{"id":196,"date":"2023-02-24T14:32:26","date_gmt":"2023-02-24T14:32:26","guid":{"rendered":"https:\/\/piaggiocomercial.pt\/web\/?page_id=196"},"modified":"2025-09-24T14:01:30","modified_gmt":"2025-09-24T14:01:30","slug":"concessionarios","status":"publish","type":"page","link":"https:\/\/piaggiocomercial.pt\/web\/concessionarios\/","title":{"rendered":"Concession\u00e1rios"},"content":{"rendered":"\t\t<div data-elementor-type=\"wp-page\" data-elementor-id=\"196\" class=\"elementor elementor-196\" data-elementor-post-type=\"page\">\n\t\t\t\t\t\t<section class=\"elementor-section elementor-top-section elementor-element elementor-element-1aba970 elementor-section-full_width elementor-section-height-default elementor-section-height-default\" data-id=\"1aba970\" data-element_type=\"section\" data-settings=\"{&quot;background_background&quot;:&quot;classic&quot;}\">\n\t\t\t\t\t\t\t<div class=\"elementor-background-overlay\"><\/div>\n\t\t\t\t\t\t\t<div class=\"elementor-container elementor-column-gap-no\">\n\t\t\t\t\t<div class=\"elementor-column elementor-col-100 elementor-top-column elementor-element elementor-element-ebcf14a\" data-id=\"ebcf14a\" data-element_type=\"column\">\n\t\t\t<div class=\"elementor-widget-wrap elementor-element-populated\">\n\t\t\t\t\t\t<div class=\"elementor-element elementor-element-f90a101 elementor-widget elementor-widget-spacer\" data-id=\"f90a101\" data-element_type=\"widget\" data-widget_type=\"spacer.default\">\n\t\t\t\t<div class=\"elementor-widget-container\">\n\t\t\t\t\t\t\t<div class=\"elementor-spacer\">\n\t\t\t<div class=\"elementor-spacer-inner\"><\/div>\n\t\t<\/div>\n\t\t\t\t\t\t<\/div>\n\t\t\t\t<\/div>\n\t\t\t\t<div class=\"elementor-element elementor-element-015c6e2 elementor-widget elementor-widget-heading\" data-id=\"015c6e2\" data-element_type=\"widget\" data-widget_type=\"heading.default\">\n\t\t\t\t<div class=\"elementor-widget-container\">\n\t\t\t\t\t<div class=\"elementor-heading-title elementor-size-default\">CONCESSION\u00c1RIOS PIAGGIO<\/div>\t\t\t\t<\/div>\n\t\t\t\t<\/div>\n\t\t\t\t<div class=\"elementor-element elementor-element-fbca000 elementor-widget elementor-widget-text-editor\" data-id=\"fbca000\" data-element_type=\"widget\" data-widget_type=\"text-editor.default\">\n\t\t\t\t<div class=\"elementor-widget-container\">\n\t\t\t\t\t\t\t\t\t<h5>Venha conhecer a Piaggio num concession\u00e1rio perto de si.<\/h5>\t\t\t\t\t\t\t\t<\/div>\n\t\t\t\t<\/div>\n\t\t\t\t<div class=\"elementor-element elementor-element-056e67f elementor-widget elementor-widget-spacer\" data-id=\"056e67f\" data-element_type=\"widget\" data-widget_type=\"spacer.default\">\n\t\t\t\t<div class=\"elementor-widget-container\">\n\t\t\t\t\t\t\t<div class=\"elementor-spacer\">\n\t\t\t<div class=\"elementor-spacer-inner\"><\/div>\n\t\t<\/div>\n\t\t\t\t\t\t<\/div>\n\t\t\t\t<\/div>\n\t\t\t\t\t<\/div>\n\t\t<\/div>\n\t\t\t\t\t<\/div>\n\t\t<\/section>\n\t\t\t\t<section class=\"elementor-section elementor-top-section elementor-element elementor-element-6570158 elementor-section-stretched elementor-section-boxed elementor-section-height-default elementor-section-height-default\" data-id=\"6570158\" data-element_type=\"section\" data-settings=\"{&quot;background_background&quot;:&quot;classic&quot;,&quot;stretch_section&quot;:&quot;section-stretched&quot;}\">\n\t\t\t\t\t\t<div class=\"elementor-container elementor-column-gap-default\">\n\t\t\t\t\t<div class=\"elementor-column elementor-col-100 elementor-top-column elementor-element elementor-element-12c2da46\" data-id=\"12c2da46\" data-element_type=\"column\">\n\t\t\t<div class=\"elementor-widget-wrap elementor-element-populated\">\n\t\t\t\t\t\t<div class=\"elementor-element elementor-element-1649f3d elementor-widget elementor-widget-spacer\" data-id=\"1649f3d\" data-element_type=\"widget\" data-widget_type=\"spacer.default\">\n\t\t\t\t<div class=\"elementor-widget-container\">\n\t\t\t\t\t\t\t<div class=\"elementor-spacer\">\n\t\t\t<div class=\"elementor-spacer-inner\"><\/div>\n\t\t<\/div>\n\t\t\t\t\t\t<\/div>\n\t\t\t\t<\/div>\n\t\t\t\t<div class=\"elementor-element elementor-element-9fa2637 elementor-widget elementor-widget-heading\" data-id=\"9fa2637\" data-element_type=\"widget\" data-widget_type=\"heading.default\">\n\t\t\t\t<div class=\"elementor-widget-container\">\n\t\t\t\t\t<h2 class=\"elementor-heading-title elementor-size-default\">Rede de Concession\u00e1rios <\/h2>\t\t\t\t<\/div>\n\t\t\t\t<\/div>\n\t\t\t\t<div class=\"elementor-element elementor-element-b62018b elementor-widget elementor-widget-spacer\" data-id=\"b62018b\" data-element_type=\"widget\" data-widget_type=\"spacer.default\">\n\t\t\t\t<div class=\"elementor-widget-container\">\n\t\t\t\t\t\t\t<div class=\"elementor-spacer\">\n\t\t\t<div class=\"elementor-spacer-inner\"><\/div>\n\t\t<\/div>\n\t\t\t\t\t\t<\/div>\n\t\t\t\t<\/div>\n\t\t\t\t\t<\/div>\n\t\t<\/div>\n\t\t\t\t\t<\/div>\n\t\t<\/section>\n\t\t\t\t<section class=\"elementor-section elementor-top-section elementor-element elementor-element-c16494b elementor-section-stretched elementor-section-boxed elementor-section-height-default elementor-section-height-default\" data-id=\"c16494b\" data-element_type=\"section\" data-settings=\"{&quot;background_background&quot;:&quot;classic&quot;,&quot;stretch_section&quot;:&quot;section-stretched&quot;}\">\n\t\t\t\t\t\t<div class=\"elementor-container elementor-column-gap-default\">\n\t\t\t\t\t<div class=\"elementor-column elementor-col-33 elementor-top-column elementor-element elementor-element-43b47d6\" data-id=\"43b47d6\" data-element_type=\"column\">\n\t\t\t<div class=\"elementor-widget-wrap elementor-element-populated\">\n\t\t\t\t\t\t<div class=\"elementor-element elementor-element-7ede0bf elementor-widget elementor-widget-eael-adv-accordion\" data-id=\"7ede0bf\" data-element_type=\"widget\" data-widget_type=\"eael-adv-accordion.default\">\n\t\t\t\t<div class=\"elementor-widget-container\">\n\t\t\t\t\t            <div class=\"eael-adv-accordion\" id=\"eael-adv-accordion-7ede0bf\" data-scroll-on-click=\"no\" data-scroll-speed=\"300\" data-accordion-id=\"7ede0bf\" data-accordion-type=\"accordion\" data-toogle-speed=\"300\">\n            <div class=\"eael-accordion-list\">\n\t\t\t\t\t<div id=\"astara-retail-lisboa\" class=\"elementor-tab-title eael-accordion-header\" tabindex=\"0\" data-tab=\"1\" aria-controls=\"elementor-tab-content-1331\"><span class=\"eael-advanced-accordion-icon-closed\"><i aria-hidden=\"true\" class=\"fa-accordion-icon fas fa-chevron-right\"><\/i><\/span><span class=\"eael-advanced-accordion-icon-opened\"><i aria-hidden=\"true\" class=\"fa-accordion-icon fas fa-chevron-up\"><\/i><\/span><span class=\"eael-accordion-tab-title\">Astara Retail Lisboa<\/span><\/div><div id=\"elementor-tab-content-1331\" class=\"eael-accordion-content clearfix\" data-tab=\"1\" aria-labelledby=\"astara-retail-lisboa\"><p><b>Astara Retail Lisboa<\/b><\/p><p>Rua Dr. Jos\u00e9 Espirito Santo, n\u00ba 38<br \/>1950-097\u00a0&#8211; Lisboa<\/p><p><iframe style=\"border: 0;\" src=\"https:\/\/www.google.com\/maps\/embed?pb=!1m18!1m12!1m3!1d2200.0567253030003!2d-9.113063818244061!3d38.755674334413115!2m3!1f0!2f0!3f0!3m2!1i1024!2i768!4f13.1!3m3!1m2!1s0xd1933d421804bed%3A0x7bdf8e552d8224bc!2sUnivex!5e0!3m2!1spt-PT!2spt!4v1656006735342!5m2!1spt-PT!2spt\" width=\"400\" height=\"300\" allowfullscreen=\"allowfullscreen\"><\/iframe><\/p><p data-wp-editing=\"1\"><a href=\"https:\/\/maps.google.com\/maps\/dir\/\/Pra%C3%A7a+Marqu%C3%AAs+de+Pombal+Lisboa\/@38.7256098,-9.1491222,14z\/data=!4m5!4m4!1m0!1m2!1m1!1s0xd193376e245c9d7:0x1f50d0364162e134\"><img decoding=\"async\" class=\"alignnone size-full wp-image-6921\" src=\"https:\/\/ai-ways.pt\/pt\/wp-content\/uploads\/2020\/09\/icon-sticky-nav-dealer.svg\" alt=\"\" width=\"30\" height=\"30\" \/><\/a> <a href=\"https:\/\/goo.gl\/maps\/vdAMJKhTC1veqUHR8\">OBTER DIRE\u00c7\u00d5ES<\/a><\/p><\/div>\n\t\t\t\t\t<\/div><div class=\"eael-accordion-list\">\n\t\t\t\t\t<div id=\"astara-retail-cascais\" class=\"elementor-tab-title eael-accordion-header\" tabindex=\"0\" data-tab=\"2\" aria-controls=\"elementor-tab-content-1332\"><span class=\"eael-advanced-accordion-icon-closed\"><i aria-hidden=\"true\" class=\"fa-accordion-icon fas fa-chevron-right\"><\/i><\/span><span class=\"eael-advanced-accordion-icon-opened\"><i aria-hidden=\"true\" class=\"fa-accordion-icon fas fa-chevron-up\"><\/i><\/span><span class=\"eael-accordion-tab-title\">Astara Retail Cascais<\/span><\/div><div id=\"elementor-tab-content-1332\" class=\"eael-accordion-content clearfix\" data-tab=\"2\" aria-labelledby=\"astara-retail-cascais\"><p><b>Astara Retail Cascais<\/b><\/p><p>Rua S\u00e3o Jo\u00e3o N\u00ba 8 Alcoit\u00e3o 2645-303 &#8211; Alcabideche<\/p><p><iframe style=\"border: 0;\" src=\"https:\/\/www.google.com\/maps\/embed?pb=!1m18!1m12!1m3!1d3112.0083645045!2d-9.396635984391981!3d38.740570279595154!2m3!1f0!2f0!3f0!3m2!1i1024!2i768!4f13.1!3m3!1m2!1s0xd1ec50c1b5841c5%3A0xe5ea07e43c5db512!2sUnivex!5e0!3m2!1spt-PT!2spt!4v1677582786448!5m2!1spt-PT!2spt\" width=\"400\" height=\"300\" allowfullscreen=\"allowfullscreen\"><\/iframe><\/p><p data-wp-editing=\"1\"><a href=\"https:\/\/maps.google.com\/maps\/dir\/\/Pra%C3%A7a+Marqu%C3%AAs+de+Pombal+Lisboa\/@38.7256098,-9.1491222,14z\/data=!4m5!4m4!1m0!1m2!1m1!1s0xd193376e245c9d7:0x1f50d0364162e134\"><img decoding=\"async\" class=\"alignnone size-full wp-image-6921\" src=\"https:\/\/ai-ways.pt\/pt\/wp-content\/uploads\/2020\/09\/icon-sticky-nav-dealer.svg\" alt=\"\" width=\"30\" height=\"30\" \/><\/a> <a href=\"https:\/\/goo.gl\/maps\/vdAMJKhTC1veqUHR8\">OBTER DIRE\u00c7\u00d5ES<\/a><\/p><\/div>\n\t\t\t\t\t<\/div><div class=\"eael-accordion-list\">\n\t\t\t\t\t<div id=\"rolcar\" class=\"elementor-tab-title eael-accordion-header\" tabindex=\"0\" data-tab=\"3\" aria-controls=\"elementor-tab-content-1333\"><span class=\"eael-advanced-accordion-icon-closed\"><i aria-hidden=\"true\" class=\"fa-accordion-icon fas fa-chevron-right\"><\/i><\/span><span class=\"eael-advanced-accordion-icon-opened\"><i aria-hidden=\"true\" class=\"fa-accordion-icon fas fa-chevron-up\"><\/i><\/span><span class=\"eael-accordion-tab-title\">ROLCAR<\/span><\/div><div id=\"elementor-tab-content-1333\" class=\"eael-accordion-content clearfix\" data-tab=\"3\" aria-labelledby=\"rolcar\"><p><b>ROLCAR<\/b><\/p><p>R. Dr. Ribeiro de Magalh\u00e3es 168, 4400-285 Vila Nova de Gaia<\/p><p><iframe style=\"border: 0;\" src=\"https:\/\/www.google.com\/maps\/embed?pb=!1m18!1m12!1m3!1d3004.888348178185!2d-8.638630484328743!3d41.13696327928791!2m3!1f0!2f0!3f0!3m2!1i1024!2i768!4f13.1!3m3!1m2!1s0xd24651544330e21%3A0xf2afe1d868606310!2sROLCAR%20LDA!5e0!3m2!1spt-PT!2spt!4v1677583146204!5m2!1spt-PT!2spt\" width=\"400\" height=\"300\" allowfullscreen=\"allowfullscreen\"><\/iframe><\/p><p data-wp-editing=\"1\"><a href=\"https:\/\/maps.google.com\/maps\/dir\/\/Pra%C3%A7a+Marqu%C3%AAs+de+Pombal+Lisboa\/@38.7256098,-9.1491222,14z\/data=!4m5!4m4!1m0!1m2!1m1!1s0xd193376e245c9d7:0x1f50d0364162e134\"><img decoding=\"async\" class=\"alignnone size-full wp-image-6921\" src=\"https:\/\/ai-ways.pt\/pt\/wp-content\/uploads\/2020\/09\/icon-sticky-nav-dealer.svg\" alt=\"\" width=\"30\" height=\"30\" \/><\/a> <a href=\"https:\/\/goo.gl\/maps\/vdAMJKhTC1veqUHR8\">OBTER DIRE\u00c7\u00d5ES<\/a><\/p><\/div>\n\t\t\t\t\t<\/div><div class=\"eael-accordion-list\">\n\t\t\t\t\t<div id=\"auto-reno\" class=\"elementor-tab-title eael-accordion-header\" tabindex=\"0\" data-tab=\"4\" aria-controls=\"elementor-tab-content-1334\"><span class=\"eael-advanced-accordion-icon-closed\"><i aria-hidden=\"true\" class=\"fa-accordion-icon fas fa-chevron-right\"><\/i><\/span><span class=\"eael-advanced-accordion-icon-opened\"><i aria-hidden=\"true\" class=\"fa-accordion-icon fas fa-chevron-up\"><\/i><\/span><span class=\"eael-accordion-tab-title\">Auto Reno<\/span><\/div><div id=\"elementor-tab-content-1334\" class=\"eael-accordion-content clearfix\" data-tab=\"4\" aria-labelledby=\"auto-reno\"><p><b>Auto Reno<\/b><\/p><p>Rua da Estrada, 387 4590-171 Pa\u00e7os de Ferreira<\/p><p><iframe style=\"border: 0;\" src=\"https:\/\/www.google.com\/maps\/embed?pb=!1m14!1m8!1m3!1d5043.997369657111!2d-8.370890900734556!3d41.26144852199554!3m2!1i1024!2i768!4f13.1!3m3!1m2!1s0xd248cc04cb93d0f%3A0x4f84720a50f81fe0!2sAuto%20Reno%20Pa%C3%A7os%20de%20Ferreira!5e0!3m2!1spt-PT!2spt!4v1677583544602!5m2!1spt-PT!2spt\" width=\"400\" height=\"300\" allowfullscreen=\"allowfullscreen\"><\/iframe><\/p><p data-wp-editing=\"1\"><a href=\"https:\/\/maps.google.com\/maps\/dir\/\/Pra%C3%A7a+Marqu%C3%AAs+de+Pombal+Lisboa\/@38.7256098,-9.1491222,14z\/data=!4m5!4m4!1m0!1m2!1m1!1s0xd193376e245c9d7:0x1f50d0364162e134\"><img decoding=\"async\" class=\"alignnone size-full wp-image-6921\" src=\"https:\/\/ai-ways.pt\/pt\/wp-content\/uploads\/2020\/09\/icon-sticky-nav-dealer.svg\" alt=\"\" width=\"30\" height=\"30\" \/><\/a> <a href=\"https:\/\/goo.gl\/maps\/vdAMJKhTC1veqUHR8\">OBTER DIRE\u00c7\u00d5ES<\/a><\/p><\/div>\n\t\t\t\t\t<\/div><div class=\"eael-accordion-list\">\n\t\t\t\t\t<div id=\"mscar\" class=\"elementor-tab-title eael-accordion-header\" tabindex=\"0\" data-tab=\"5\" aria-controls=\"elementor-tab-content-1335\"><span class=\"eael-advanced-accordion-icon-closed\"><i aria-hidden=\"true\" class=\"fa-accordion-icon fas fa-chevron-right\"><\/i><\/span><span class=\"eael-advanced-accordion-icon-opened\"><i aria-hidden=\"true\" class=\"fa-accordion-icon fas fa-chevron-up\"><\/i><\/span><span class=\"eael-accordion-tab-title\">MSCAR<\/span><\/div><div id=\"elementor-tab-content-1335\" class=\"eael-accordion-content clearfix\" data-tab=\"5\" aria-labelledby=\"mscar\"><p><b>MSCAR<\/b><\/p><p>Estrada Nacional 125, km 97,3 Vale da Venda<br \/>8135-032 Almancil<\/p><p><iframe style=\"border: 0;\" src=\"https:\/\/www.google.com\/maps\/embed?pb=!1m18!1m12!1m3!1d11345.305169609886!2d-7.981376595160562!3d37.06539395894333!2m3!1f0!2f0!3f0!3m2!1i1024!2i768!4f13.1!3m3!1m2!1s0xd1ab2853eeb4fc5%3A0x295bf7fb50a15d6!2sMSCAR%20-%20Com%C3%A9rcio%20de%20Autom%C3%B3veis%2C%20S.A.%20%7C%20Faro!5e0!3m2!1spt-PT!2spt!4v1677583794918!5m2!1spt-PT!2spt\" width=\"400\" height=\"300\" allowfullscreen=\"allowfullscreen\"><\/iframe><\/p><p data-wp-editing=\"1\"><a href=\"https:\/\/maps.google.com\/maps\/dir\/\/Pra%C3%A7a+Marqu%C3%AAs+de+Pombal+Lisboa\/@38.7256098,-9.1491222,14z\/data=!4m5!4m4!1m0!1m2!1m1!1s0xd193376e245c9d7:0x1f50d0364162e134\"><img decoding=\"async\" class=\"alignnone size-full wp-image-6921\" src=\"https:\/\/ai-ways.pt\/pt\/wp-content\/uploads\/2020\/09\/icon-sticky-nav-dealer.svg\" alt=\"\" width=\"30\" height=\"30\" \/><\/a> <a href=\"https:\/\/goo.gl\/maps\/fFPRKQCSM9ZV7mcp6\">OBTER DIRE\u00c7\u00d5ES<\/a><\/p><\/div>\n\t\t\t\t\t<\/div><div class=\"eael-accordion-list\">\n\t\t\t\t\t<div id=\"auto-industrial\" class=\"elementor-tab-title eael-accordion-header\" tabindex=\"0\" data-tab=\"6\" aria-controls=\"elementor-tab-content-1336\"><span class=\"eael-advanced-accordion-icon-closed\"><i aria-hidden=\"true\" class=\"fa-accordion-icon fas fa-chevron-right\"><\/i><\/span><span class=\"eael-advanced-accordion-icon-opened\"><i aria-hidden=\"true\" class=\"fa-accordion-icon fas fa-chevron-up\"><\/i><\/span><span class=\"eael-accordion-tab-title\">Auto Industrial<\/span><\/div><div id=\"elementor-tab-content-1336\" class=\"eael-accordion-content clearfix\" data-tab=\"6\" aria-labelledby=\"auto-industrial\"><p><b>Auto Industrial<\/b><\/p><p>Rua do Alto Vieiro 1 Estrada Nacional 1, IC2, 2400-822 Leiria<\/p><p><iframe style=\"border: 0;\" src=\"https:\/\/www.google.com\/maps\/embed?pb=!1m18!1m12!1m3!1d2166.5343837739183!2d-8.82707506494781!3d39.731325902618714!2m3!1f0!2f0!3f0!3m2!1i1024!2i768!4f13.1!3m3!1m2!1s0xd2273576f1751f5%3A0xbfb47899f27f5f11!2sAuto-Industrial%20-%20Opel!5e0!3m2!1spt-PT!2spt!4v1678897652619!5m2!1spt-PT!2spt\" width=\"400\" height=\"300\" allowfullscreen=\"allowfullscreen\"><\/iframe><\/p><p data-wp-editing=\"1\"><a href=\"https:\/\/maps.google.com\/maps\/dir\/\/Pra%C3%A7a+Marqu%C3%AAs+de+Pombal+Lisboa\/@38.7256098,-9.1491222,14z\/data=!4m5!4m4!1m0!1m2!1m1!1s0xd193376e245c9d7:0x1f50d0364162e134\"><img decoding=\"async\" class=\"alignnone size-full wp-image-6921\" src=\"https:\/\/ai-ways.pt\/pt\/wp-content\/uploads\/2020\/09\/icon-sticky-nav-dealer.svg\" alt=\"\" width=\"30\" height=\"30\" \/><\/a> <a href=\"https:\/\/goo.gl\/maps\/fFPRKQCSM9ZV7mcp6\">OBTER DIRE\u00c7\u00d5ES<\/a><\/p><\/div>\n\t\t\t\t\t<\/div><div class=\"eael-accordion-list\">\n\t\t\t\t\t<div id=\"multiribeiro\" class=\"elementor-tab-title eael-accordion-header\" tabindex=\"0\" data-tab=\"7\" aria-controls=\"elementor-tab-content-1337\"><span class=\"eael-advanced-accordion-icon-closed\"><i aria-hidden=\"true\" class=\"fa-accordion-icon fas fa-chevron-right\"><\/i><\/span><span class=\"eael-advanced-accordion-icon-opened\"><i aria-hidden=\"true\" class=\"fa-accordion-icon fas fa-chevron-up\"><\/i><\/span><span class=\"eael-accordion-tab-title\">MultiRibeiro<\/span><\/div><div id=\"elementor-tab-content-1337\" class=\"eael-accordion-content clearfix\" data-tab=\"7\" aria-labelledby=\"multiribeiro\"><p><b>MultiRibeiro<\/b><\/p><p>Largo Mte. Artur Azedo 6, 7300-055 Portalegre<\/p><p><iframe style=\"border: 0;\" src=\"https:\/\/www.google.com\/maps\/embed?pb=!1m18!1m12!1m3!1d3088.8413942555335!2d-7.436479284375981!3d39.26916513254868!2m3!1f0!2f0!3f0!3m2!1i1024!2i768!4f13.1!3m3!1m2!1s0xd17bd5e3c975b9f%3A0xc761e076f5855639!2sMultiRibeiro%20-%20KIA!5e0!3m2!1spt-PT!2spt!4v1678898554148!5m2!1spt-PT!2spt\" width=\"400\" height=\"300\" allowfullscreen=\"allowfullscreen\"><\/iframe><\/p><p data-wp-editing=\"1\"><a href=\"https:\/\/maps.google.com\/maps\/dir\/\/Pra%C3%A7a+Marqu%C3%AAs+de+Pombal+Lisboa\/@38.7256098,-9.1491222,14z\/data=!4m5!4m4!1m0!1m2!1m1!1s0xd193376e245c9d7:0x1f50d0364162e134\"><img decoding=\"async\" class=\"alignnone size-full wp-image-6921\" src=\"https:\/\/ai-ways.pt\/pt\/wp-content\/uploads\/2020\/09\/icon-sticky-nav-dealer.svg\" alt=\"\" width=\"30\" height=\"30\" \/><\/a> <a href=\"https:\/\/goo.gl\/maps\/fFPRKQCSM9ZV7mcp6\">OBTER DIRE\u00c7\u00d5ES<\/a><\/p><\/div>\n\t\t\t\t\t<\/div><div class=\"eael-accordion-list\">\n\t\t\t\t\t<div id=\"laf\" class=\"elementor-tab-title eael-accordion-header\" tabindex=\"0\" data-tab=\"8\" aria-controls=\"elementor-tab-content-1338\"><span class=\"eael-advanced-accordion-icon-closed\"><i aria-hidden=\"true\" class=\"fa-accordion-icon fas fa-chevron-right\"><\/i><\/span><span class=\"eael-advanced-accordion-icon-opened\"><i aria-hidden=\"true\" class=\"fa-accordion-icon fas fa-chevron-up\"><\/i><\/span><span class=\"eael-accordion-tab-title\">LAF<\/span><\/div><div id=\"elementor-tab-content-1338\" class=\"eael-accordion-content clearfix\" data-tab=\"8\" aria-labelledby=\"laf\"><p><b>Loureiro Almeida &amp; Filhos<\/b><\/p><p>Praceta Descobrimentos, s\/n Concei\u00e7\u00e3o, 9700-239 Angra do Hero\u00edsmo<\/p><p><iframe style=\"border: 0;\" src=\"https:\/\/www.google.com\/maps\/embed?pb=!1m18!1m12!1m3!1d590.3082279980615!2d-27.21055219453964!3d38.656588315993666!2m3!1f0!2f0!3f0!3m2!1i1024!2i768!4f13.1!3m3!1m2!1s0xb467f1c14891bad%3A0x1997fb5b5fd768a4!2sLoureiro%20Almeida%20%26%20Filhos%2C%20Lda!5e0!3m2!1spt-PT!2spt!4v1678899065021!5m2!1spt-PT!2spt\" width=\"400\" height=\"300\" allowfullscreen=\"allowfullscreen\"><\/iframe><\/p><p data-wp-editing=\"1\"><a href=\"https:\/\/maps.google.com\/maps\/dir\/\/Pra%C3%A7a+Marqu%C3%AAs+de+Pombal+Lisboa\/@38.7256098,-9.1491222,14z\/data=!4m5!4m4!1m0!1m2!1m1!1s0xd193376e245c9d7:0x1f50d0364162e134\"><img decoding=\"async\" class=\"alignnone size-full wp-image-6921\" src=\"https:\/\/ai-ways.pt\/pt\/wp-content\/uploads\/2020\/09\/icon-sticky-nav-dealer.svg\" alt=\"\" width=\"30\" height=\"30\" \/><\/a> <a href=\"https:\/\/goo.gl\/maps\/fFPRKQCSM9ZV7mcp6\">OBTER DIRE\u00c7\u00d5ES<\/a><\/p><\/div>\n\t\t\t\t\t<\/div><div class=\"eael-accordion-list\">\n\t\t\t\t\t<div id=\"lemos-irmo\" class=\"elementor-tab-title eael-accordion-header\" tabindex=\"0\" data-tab=\"9\" aria-controls=\"elementor-tab-content-1339\"><span class=\"eael-advanced-accordion-icon-closed\"><i aria-hidden=\"true\" class=\"fa-accordion-icon fas fa-chevron-right\"><\/i><\/span><span class=\"eael-advanced-accordion-icon-opened\"><i aria-hidden=\"true\" class=\"fa-accordion-icon fas fa-chevron-up\"><\/i><\/span><span class=\"eael-accordion-tab-title\">Lemos &amp; Irm\u00e3o<\/span><\/div><div id=\"elementor-tab-content-1339\" class=\"eael-accordion-content clearfix\" data-tab=\"9\" aria-labelledby=\"lemos-irmo\"><p><b>Lemos &amp; Irm\u00e3o<\/b><\/p><p>R. Pedro \u00c1lvares Cabral 288, 3500-169 Viseu<\/p><p><iframe style=\"border: 0;\" src=\"https:\/\/www.google.com\/maps\/embed?pb=!1m18!1m12!1m3!1d3026.8700826044646!2d-7.898668484345809!3d40.65479414904965!2m3!1f0!2f0!3f0!3m2!1i1024!2i768!4f13.1!3m3!1m2!1s0xd23365c48c9e51f%3A0x6b68ba99404f0480!2zTGVtb3MgJiBJcm3Do28!5e0!3m2!1spt-PT!2spt!4v1678899985777!5m2!1spt-PT!2spt\" width=\"400\" height=\"300\" allowfullscreen=\"allowfullscreen\"><\/iframe><\/p><p data-wp-editing=\"1\"><a href=\"https:\/\/maps.google.com\/maps\/dir\/\/Pra%C3%A7a+Marqu%C3%AAs+de+Pombal+Lisboa\/@38.7256098,-9.1491222,14z\/data=!4m5!4m4!1m0!1m2!1m1!1s0xd193376e245c9d7:0x1f50d0364162e134\"><img decoding=\"async\" class=\"alignnone size-full wp-image-6921\" src=\"https:\/\/ai-ways.pt\/pt\/wp-content\/uploads\/2020\/09\/icon-sticky-nav-dealer.svg\" alt=\"\" width=\"30\" height=\"30\" \/><\/a> <a href=\"https:\/\/goo.gl\/maps\/fFPRKQCSM9ZV7mcp6\">OBTER DIRE\u00c7\u00d5ES<\/a><\/p><\/div>\n\t\t\t\t\t<\/div><div class=\"eael-accordion-list\">\n\t\t\t\t\t<div id=\"auto-s-cristovo\" class=\"elementor-tab-title eael-accordion-header\" tabindex=\"0\" data-tab=\"10\" aria-controls=\"elementor-tab-content-13310\"><span class=\"eael-advanced-accordion-icon-closed\"><i aria-hidden=\"true\" class=\"fa-accordion-icon fas fa-chevron-right\"><\/i><\/span><span class=\"eael-advanced-accordion-icon-opened\"><i aria-hidden=\"true\" class=\"fa-accordion-icon fas fa-chevron-up\"><\/i><\/span><span class=\"eael-accordion-tab-title\">Auto S. Cristov\u00e3o<\/span><\/div><div id=\"elementor-tab-content-13310\" class=\"eael-accordion-content clearfix\" data-tab=\"10\" aria-labelledby=\"auto-s-cristovo\"><p><b>Auto S. Cristov\u00e3o<\/b><\/p><p>R. Armando Antunes da Silva 18, 7005-145 Horta do Bispo<\/p><p><iframe style=\"border: 0;\" src=\"https:\/\/www.google.com\/maps\/embed?pb=!1m18!1m12!1m3!1d3119.931835607259!2d-7.917036984391032!3d38.558384274460195!2m3!1f0!2f0!3f0!3m2!1i1024!2i768!4f13.1!3m3!1m2!1s0xd19e4dc2fe39b6f%3A0x1cff5a61f9eb32bb!2sAuto%20S.%20Crist%C3%B3v%C3%A3o%20Lda.!5e0!3m2!1spt-PT!2spt!4v1678900318850!5m2!1spt-PT!2spt\" width=\"400\" height=\"300\" allowfullscreen=\"allowfullscreen\"><\/iframe><\/p><p data-wp-editing=\"1\"><a href=\"https:\/\/maps.google.com\/maps\/dir\/\/Pra%C3%A7a+Marqu%C3%AAs+de+Pombal+Lisboa\/@38.7256098,-9.1491222,14z\/data=!4m5!4m4!1m0!1m2!1m1!1s0xd193376e245c9d7:0x1f50d0364162e134\"><img decoding=\"async\" class=\"alignnone size-full wp-image-6921\" src=\"https:\/\/ai-ways.pt\/pt\/wp-content\/uploads\/2020\/09\/icon-sticky-nav-dealer.svg\" alt=\"\" width=\"30\" height=\"30\" \/><\/a> <a href=\"https:\/\/goo.gl\/maps\/zBssnoyxASrJqqmq7\">OBTER DIRE\u00c7\u00d5ES<\/a><\/p><\/div>\n\t\t\t\t\t<\/div><div class=\"eael-accordion-list\">\n\t\t\t\t\t<div id=\"dionisio-carreiro\" class=\"elementor-tab-title eael-accordion-header\" tabindex=\"0\" data-tab=\"11\" aria-controls=\"elementor-tab-content-13311\"><span class=\"eael-advanced-accordion-icon-closed\"><i aria-hidden=\"true\" class=\"fa-accordion-icon fas fa-chevron-right\"><\/i><\/span><span class=\"eael-advanced-accordion-icon-opened\"><i aria-hidden=\"true\" class=\"fa-accordion-icon fas fa-chevron-up\"><\/i><\/span><span class=\"eael-accordion-tab-title\">Dionisio Carreiro<\/span><\/div><div id=\"elementor-tab-content-13311\" class=\"eael-accordion-content clearfix\" data-tab=\"11\" aria-labelledby=\"dionisio-carreiro\"><p><b>Dionisio Carreiro<\/b><\/p><p>R. das Maricas, 9500-711 Ponta Delgada<\/p><p><iframe style=\"border: 0;\" src=\"https:\/\/www.google.com\/maps\/embed?pb=!1m18!1m12!1m3!1d3154.829068728992!2d-25.64564288440785!3d37.74715412152077!2m3!1f0!2f0!3f0!3m2!1i1024!2i768!4f13.1!3m3!1m2!1s0xb432acd1b021505%3A0x294b8da0cd1f369c!2sDionisio%20Carreiro%20de%20Almeida%2C%20Lda!5e0!3m2!1spt-PT!2spt!4v1678900922098!5m2!1spt-PT!2spt\" width=\"400\" height=\"300\" allowfullscreen=\"allowfullscreen\"><\/iframe><\/p><p data-wp-editing=\"1\"><a href=\"https:\/\/maps.google.com\/maps\/dir\/\/Pra%C3%A7a+Marqu%C3%AAs+de+Pombal+Lisboa\/@38.7256098,-9.1491222,14z\/data=!4m5!4m4!1m0!1m2!1m1!1s0xd193376e245c9d7:0x1f50d0364162e134\"><img decoding=\"async\" class=\"alignnone size-full wp-image-6921\" src=\"https:\/\/ai-ways.pt\/pt\/wp-content\/uploads\/2020\/09\/icon-sticky-nav-dealer.svg\" alt=\"\" width=\"30\" height=\"30\" \/><\/a> <a href=\"https:\/\/goo.gl\/maps\/qb3zrfsrAQYhrvmX6\">OBTER DIRE\u00c7\u00d5ES<\/a><\/p><\/div>\n\t\t\t\t\t<\/div><\/div>\t\t\t\t<\/div>\n\t\t\t\t<\/div>\n\t\t\t\t\t<\/div>\n\t\t<\/div>\n\t\t\t\t<div class=\"elementor-column elementor-col-66 elementor-top-column elementor-element elementor-element-dc265bc\" data-id=\"dc265bc\" data-element_type=\"column\">\n\t\t\t<div class=\"elementor-widget-wrap elementor-element-populated\">\n\t\t\t\t\t\t<div class=\"elementor-element elementor-element-c6aec6c elementor-widget elementor-widget-shortcode\" data-id=\"c6aec6c\" data-element_type=\"widget\" data-widget_type=\"shortcode.default\">\n\t\t\t\t<div class=\"elementor-widget-container\">\n\t\t\t\t\t\t\t<div class=\"elementor-shortcode\"><div class=\"geo-maps-shortcode-wrapper\">\t\t<div class=\"geo-maps-map-render-element-wrap\">\n\t\t\t<div id=\"geo_maps_container_id_382_unique_69f55257c70eb\"\n\t\t\t\t data-settings='{&quot;map_marker&quot;:[{&quot;lat&quot;:&quot;38.7555284&quot;,&quot;lng&quot;:&quot;-9.1132904&quot;,&quot;title&quot;:&quot;Astara Retail Lisboa&quot;,&quot;content&quot;:&quot;Rua Dr. Jos\\u00e9 Esp\\u00edrito Santo, n\\u00ba 38\\r\\n1950-097 Lisboa,\\r\\n00351 21 839 4600&quot;,&quot;iconType&quot;:&quot;custom&quot;,&quot;customIconUrl&quot;:&quot;https:\\\/\\\/piaggiocomercial.pt\\\/web\\\/wp-content\\\/uploads\\\/2023\\\/02\\\/favicon.png&quot;,&quot;customIconWidth&quot;:40,&quot;customIconHeight&quot;:40},{&quot;lat&quot;:&quot;38.7393925&quot;,&quot;lng&quot;:&quot;-9.395004&quot;,&quot;title&quot;:&quot;Astara Retail Cascais&quot;,&quot;content&quot;:&quot;Rua S\\u00e3o Jo\\u00e3o N\\u00ba 8 Alcoit\\u00e3o\\r\\n2645-303 Alcabideche, Portugal\\r\\n21 839 46 00&quot;,&quot;iconType&quot;:&quot;custom&quot;,&quot;customIconUrl&quot;:&quot;https:\\\/\\\/piaggiocomercial.pt\\\/web\\\/wp-content\\\/uploads\\\/2023\\\/02\\\/favicon.png&quot;,&quot;customIconWidth&quot;:40,&quot;customIconHeight&quot;:40},{&quot;lat&quot;:&quot;41.1369532&quot;,&quot;lng&quot;:&quot;-8.6364597&quot;,&quot;title&quot;:&quot;Rolmax&quot;,&quot;content&quot;:&quot;Rua Dr. Ribeiro Magalh\\u00e3es 168\\r\\n4400-073 Vila Nova de Gaia, Portugal\\r\\nGeral: 22 77 18 100 Vendas: 93 77 18 120 Assist\\u00eancia 93 449 5322&quot;,&quot;iconType&quot;:&quot;custom&quot;,&quot;customIconUrl&quot;:&quot;https:\\\/\\\/piaggiocomercial.pt\\\/web\\\/wp-content\\\/uploads\\\/2023\\\/02\\\/favicon.png&quot;,&quot;customIconWidth&quot;:40,&quot;customIconHeight&quot;:40},{&quot;lat&quot;:&quot;41.2617645&quot;,&quot;lng&quot;:&quot;-8.3674864&quot;,&quot;title&quot;:&quot;Auto Reno&quot;,&quot;content&quot;:&quot;Rua da Estrada, 387\\r\\n4590-171 Pa\\u00e7os de Ferreira, Portugal\\r\\n255 860450&quot;,&quot;iconType&quot;:&quot;custom&quot;,&quot;customIconUrl&quot;:&quot;https:\\\/\\\/piaggiocomercial.pt\\\/web\\\/wp-content\\\/uploads\\\/2023\\\/02\\\/favicon.png&quot;,&quot;customIconWidth&quot;:40,&quot;customIconHeight&quot;:40},{&quot;lat&quot;:&quot;37.081319&quot;,&quot;lng&quot;:&quot;-8.0084309&quot;,&quot;title&quot;:&quot;MSCAR&quot;,&quot;content&quot;:&quot;Estrada Nacional 125, km 97,3 Vale da Venda\\r\\n8135-032 Almancil, Portugal\\r\\n289 895 980&quot;,&quot;iconType&quot;:&quot;custom&quot;,&quot;customIconUrl&quot;:&quot;https:\\\/\\\/piaggiocomercial.pt\\\/web\\\/wp-content\\\/uploads\\\/2023\\\/02\\\/favicon.png&quot;,&quot;customIconWidth&quot;:40,&quot;customIconHeight&quot;:40},{&quot;lat&quot;:&quot;39.731645376693635&quot;,&quot;lng&quot;:&quot;-8.826357142536473&quot;,&quot;title&quot;:&quot;Auto Industrial&quot;,&quot;content&quot;:&quot;Rua do Alto Vieiro 1 Estrada Nacional 1, IC2, 2400-822 Leiria&quot;,&quot;iconType&quot;:&quot;custom&quot;,&quot;customIconUrl&quot;:&quot;https:\\\/\\\/piaggiocomercial.pt\\\/web\\\/wp-content\\\/uploads\\\/2023\\\/02\\\/favicon.png&quot;,&quot;customIconWidth&quot;:40,&quot;customIconHeight&quot;:40},{&quot;lat&quot;:&quot;39.268914695967126&quot;,&quot;lng&quot;:&quot;-7.434311921831745&quot;,&quot;title&quot;:&quot;MultiRibeiro Portalegre&quot;,&quot;content&quot;:&quot;Largo Mte. Artur Azedo 6, 7300-055 Portalegre&quot;,&quot;iconType&quot;:&quot;custom&quot;,&quot;customIconUrl&quot;:&quot;https:\\\/\\\/piaggiocomercial.pt\\\/web\\\/wp-content\\\/uploads\\\/2023\\\/02\\\/favicon.png&quot;,&quot;customIconWidth&quot;:40,&quot;customIconHeight&quot;:40},{&quot;lat&quot;:&quot;38.6562755&quot;,&quot;lng&quot;:&quot;-27.2102943&quot;,&quot;title&quot;:&quot;Loureiro Almeida &amp; Filhos&quot;,&quot;content&quot;:&quot;Praceta Descobrimentos, s\\\/n Concei\\u00e7\\u00e3o, 9700-239 Angra do Hero\\u00edsmo&quot;,&quot;iconType&quot;:&quot;custom&quot;,&quot;customIconUrl&quot;:&quot;https:\\\/\\\/piaggiocomercial.pt\\\/web\\\/wp-content\\\/uploads\\\/2023\\\/02\\\/favicon.png&quot;,&quot;customIconWidth&quot;:40,&quot;customIconHeight&quot;:40},{&quot;lat&quot;:&quot;40.65484995911408&quot;,&quot;lng&quot;:&quot;-7.896488006046084&quot;,&quot;title&quot;:&quot;Lemos &amp; Irm\\u00e3o&quot;,&quot;content&quot;:&quot;R. Pedro \\u00c1lvares Cabral 288, 3500-169 Viseu&quot;,&quot;iconType&quot;:&quot;custom&quot;,&quot;customIconUrl&quot;:&quot;https:\\\/\\\/piaggiocomercial.pt\\\/web\\\/wp-content\\\/uploads\\\/2023\\\/02\\\/favicon.png&quot;,&quot;customIconWidth&quot;:40,&quot;customIconHeight&quot;:40},{&quot;lat&quot;:&quot;38.558316915204486&quot;,&quot;lng&quot;:&quot;-7.9147921009639495&quot;,&quot;title&quot;:&quot;Auto S. Cristov\\u00e3o&quot;,&quot;content&quot;:&quot;R. Armando Antunes da Silva 18, 7005-145 Horta do Bispo&quot;,&quot;iconType&quot;:&quot;custom&quot;,&quot;customIconUrl&quot;:&quot;https:\\\/\\\/piaggiocomercial.pt\\\/web\\\/wp-content\\\/uploads\\\/2023\\\/02\\\/favicon.png&quot;,&quot;customIconWidth&quot;:40,&quot;customIconHeight&quot;:40},{&quot;lat&quot;:&quot;37.7471216370389&quot;,&quot;lng&quot;:&quot;-25.643510736773308&quot;,&quot;title&quot;:&quot;Dionisio Carreiro&quot;,&quot;content&quot;:&quot;Rotunda de Bel\\u00e9m S\\\/N\\r\\n9500-896 - Ponta Delgada&quot;,&quot;iconType&quot;:&quot;custom&quot;,&quot;customIconUrl&quot;:&quot;https:\\\/\\\/piaggiocomercial.pt\\\/web\\\/wp-content\\\/uploads\\\/2023\\\/02\\\/favicon.png&quot;,&quot;customIconWidth&quot;:40,&quot;customIconHeight&quot;:40},{&quot;lat&quot;:&quot;41.6454757&quot;,&quot;lng&quot;:&quot;-8.7726214&quot;,&quot;title&quot;:&quot;Auto Reno&quot;,&quot;content&quot;:&quot;Zona Industrial 1\\u00aa Fase, R. Ab\\u00edlio Peixoto, 596\\r\\n4935-231 Viana do Castelo, Portugal\\r\\n258 350 225&quot;,&quot;iconType&quot;:&quot;custom&quot;,&quot;customIconUrl&quot;:&quot;https:\\\/\\\/piaggiocomercial.pt\\\/web\\\/wp-content\\\/uploads\\\/2023\\\/02\\\/favicon.png&quot;,&quot;customIconWidth&quot;:40,&quot;customIconHeight&quot;:40}],&quot;map_zoom&quot;:8,&quot;scroll_wheel_zoom&quot;:false,&quot;draw_line&quot;:false,&quot;map_type&quot;:&quot;google_map&quot;,&quot;center_index&quot;:0,&quot;popup_show_on&quot;:&quot;click&quot;,&quot;control_position&quot;:&quot;topright&quot;,&quot;show_control&quot;:true,&quot;osm_provider&quot;:&quot;default&quot;}'\n\t\t\t\t class=\"geo_maps_map_render_element\" style=\"height:500px;width:100%\"><\/div>\n\t\t<\/div>\n\t\t<\/div><\/div>\n\t\t\t\t\t\t<\/div>\n\t\t\t\t<\/div>\n\t\t\t\t\t<\/div>\n\t\t<\/div>\n\t\t\t\t\t<\/div>\n\t\t<\/section>\n\t\t\t\t<section class=\"elementor-section elementor-top-section elementor-element elementor-element-8f525a7 elementor-section-stretched elementor-section-boxed elementor-section-height-default elementor-section-height-default\" data-id=\"8f525a7\" data-element_type=\"section\" data-settings=\"{&quot;background_background&quot;:&quot;classic&quot;,&quot;stretch_section&quot;:&quot;section-stretched&quot;}\">\n\t\t\t\t\t\t<div class=\"elementor-container elementor-column-gap-default\">\n\t\t\t\t\t<div class=\"elementor-column elementor-col-100 elementor-top-column elementor-element elementor-element-88d8373\" data-id=\"88d8373\" data-element_type=\"column\">\n\t\t\t<div class=\"elementor-widget-wrap elementor-element-populated\">\n\t\t\t\t\t\t<div class=\"elementor-element elementor-element-ac57c15 elementor-widget elementor-widget-spacer\" data-id=\"ac57c15\" data-element_type=\"widget\" data-widget_type=\"spacer.default\">\n\t\t\t\t<div class=\"elementor-widget-container\">\n\t\t\t\t\t\t\t<div class=\"elementor-spacer\">\n\t\t\t<div class=\"elementor-spacer-inner\"><\/div>\n\t\t<\/div>\n\t\t\t\t\t\t<\/div>\n\t\t\t\t<\/div>\n\t\t\t\t\t<\/div>\n\t\t<\/div>\n\t\t\t\t\t<\/div>\n\t\t<\/section>\n\t\t\t\t<\/div>\n\t\t","protected":false},"excerpt":{"rendered":"<p>CONCESSION\u00c1RIOS PIAGGIO Venha conhecer a Piaggio num concession\u00e1rio perto de si. Rede de Concession\u00e1rios Astara Retail Lisboa Astara Retail Lisboa Rua Dr. Jos\u00e9 Espirito Santo, n\u00ba 381950-097\u00a0&#8211; Lisboa OBTER DIRE\u00c7\u00d5ES Astara Retail Cascais Astara Retail Cascais Rua S\u00e3o Jo\u00e3o N\u00ba 8 Alcoit\u00e3o 2645-303 &#8211; Alcabideche OBTER DIRE\u00c7\u00d5ES ROLCAR ROLCAR R. Dr. Ribeiro de Magalh\u00e3es 168, [&hellip;]<\/p>\n","protected":false},"author":1,"featured_media":0,"parent":0,"menu_order":0,"comment_status":"closed","ping_status":"closed","template":"","meta":{"footnotes":""},"class_list":["post-196","page","type-page","status-publish","hentry"],"_links":{"self":[{"href":"https:\/\/piaggiocomercial.pt\/web\/wp-json\/wp\/v2\/pages\/196","targetHints":{"allow":["GET"]}}],"collection":[{"href":"https:\/\/piaggiocomercial.pt\/web\/wp-json\/wp\/v2\/pages"}],"about":[{"href":"https:\/\/piaggiocomercial.pt\/web\/wp-json\/wp\/v2\/types\/page"}],"author":[{"embeddable":true,"href":"https:\/\/piaggiocomercial.pt\/web\/wp-json\/wp\/v2\/users\/1"}],"replies":[{"embeddable":true,"href":"https:\/\/piaggiocomercial.pt\/web\/wp-json\/wp\/v2\/comments?post=196"}],"version-history":[{"count":130,"href":"https:\/\/piaggiocomercial.pt\/web\/wp-json\/wp\/v2\/pages\/196\/revisions"}],"predecessor-version":[{"id":1195,"href":"https:\/\/piaggiocomercial.pt\/web\/wp-json\/wp\/v2\/pages\/196\/revisions\/1195"}],"wp:attachment":[{"href":"https:\/\/piaggiocomercial.pt\/web\/wp-json\/wp\/v2\/media?parent=196"}],"curies":[{"name":"wp","href":"https:\/\/api.w.org\/{rel}","templated":true}]}}